{"id":116,"date":"2021-09-02T15:00:57","date_gmt":"2021-09-02T13:00:57","guid":{"rendered":"https:\/\/www.sp11.gliwice.pl\/new\/?page_id=116"},"modified":"2021-09-09T09:33:48","modified_gmt":"2021-09-09T07:33:48","slug":"patron","status":"publish","type":"page","link":"https:\/\/www.sp11.gliwice.pl\/?page_id=116","title":{"rendered":"Patron"},"content":{"rendered":"<h2 style=\"text-align: center;\"><span lang=\"de\"><b>Hugo Ko<\/b><\/span><b>\u0142\u0142\u0105taj<\/b><\/h2>\n<p><span style=\"color: #000000;\">\u017by\u0142 w latach 1750 \u2013 1812.<\/span><br \/>\n<span style=\"color: #000000;\">By\u0142 jednym z naj\u015bwiatlejszych Polak\u00f3w w okresie o\u015bwiecenia. Mia\u0142 sw\u00f3j udzia\u0142 w tworzeniu Konstytucji 3 Maja.<\/span><br \/>\n<span style=\"color: #000000;\">Interesowa\u0142o go prawo, teologia, ekonomika, bibliotekarstwo, przyroda, geografia, geologia, kartografia. Dobrze znane mu by\u0142y W\u0142ochy, zwiedzi\u0142 je niemal\u017ce ca\u0142e, pozna\u0142 kultur\u0119 i specyfik\u0119 \u017cycia. W czasach Sejmu Wielkiego dzia\u0142a\u0142 wraz z gronem polityk\u00f3w i publicyst\u00f3w.<\/span><br \/>\n<span style=\"color: #000000;\">Z jego inicjatywy powsta\u0142a tzw. Ku\u017anica Ko\u0142\u0142\u0105tajowska b\u0119d\u0105ca grup\u0105 polityczn\u0105, kt\u00f3rej celem by\u0142o kszta\u0142towanie \u017cycia spo\u0142ecze\u0144stwa wedle praw o\u015bwieceniowych. W 1790 roku og\u0142osi\u0142 Prawo polityczne narodu polskiego, prac\u0119, kt\u00f3ra by\u0142a rozwini\u0119ciem projektu Konstytucji. Zawsze naczelnym jego has\u0142em by\u0142o dobro kraju i ch\u0119\u0107 jego zreformowania. Zmar\u0142 nagle, niespodziewanie podczas pracy. W ostatniej drodze towarzyszyli mu tylko najbli\u017csi przyjaciele&#8230;&#8230;Szybko zapomniano gdzie znajduje si\u0119 jego gr\u00f3b. Pozosta\u0142o tylko serce Ko\u0142\u0142\u0105taja, kt\u00f3re do dzi\u015b spoczywa w ko\u015bciele we wsi Wi\u015bniowa w by\u0142ym wojew\u00f3dztwie sandomierskim.<\/span><\/p>\n<p><span style=\"color: #000000;\">KALENDARIUM<img fetchpriority=\"high\" decoding=\"async\" class=\"alignright wp-image-589 size-medium\" src=\"https:\/\/www.sp11.gliwice.pl\/new\/wp-content\/uploads\/2021\/09\/Kollataj_hugo-219x300.jpg\" alt=\"\" width=\"219\" height=\"300\" srcset=\"https:\/\/www.sp11.gliwice.pl\/wp-content\/uploads\/2021\/09\/Kollataj_hugo-219x300.jpg 219w, https:\/\/www.sp11.gliwice.pl\/wp-content\/uploads\/2021\/09\/Kollataj_hugo.jpg 745w\" sizes=\"(max-width: 219px) 100vw, 219px\" \/><\/span><\/p>\n<p><span style=\"color: #000000;\">1.04.1750 \u2013 Dederka\u0142y, narodziny Hugona Ko\u0142\u0142\u0105taja; syna Marianny i Antoniego<\/span><\/p>\n<p><span style=\"color: #000000;\">1761 \u2013 nauka w Krakowie, studia w seminarium duchownym<\/span><\/p>\n<p><span style=\"color: #000000;\">1771-1775 \u2013 podr\u00f3\u017ce zagraniczne<\/span><\/p>\n<p><span style=\"color: #000000;\">1776 \u2013 msza prymicyjna w Dederka\u0142ach<\/span><\/p>\n<p><span style=\"color: #000000;\">pa\u017adziernik 1776 \u2013 praca w sekcji Komisji Edukacji Narodowej<\/span><\/p>\n<p><span style=\"color: #000000;\">1783 \u2013 rektor Uniwersytetu Jagiello\u0144skiego<\/span><\/p>\n<p><span style=\"color: #000000;\">1786 \u2013 wyjazd z Krakowa na Litw\u0119 (obj\u0119cie funkcji referendarza litewskiego)<\/span><\/p>\n<p><span style=\"color: #000000;\">1788 \u2013 pierwsze dzie\u0142o literackie \u2013 Listy Anonima<\/span><\/p>\n<p><span style=\"color: #000000;\">1791 \u2013 podkanclerzy koronny<\/span><\/p>\n<p><span style=\"color: #000000;\">1792 \u2013 udzia\u0142 w pracach Sejmu Czteroletniego; wyjazd do Saksonii<\/span><\/p>\n<p><span style=\"color: #000000;\">1794 \u2013 powr\u00f3t do kraju \u2013 napisanie Uniwersa\u0142u po\u0142anieckiego<\/span><\/p>\n<p><span style=\"color: #000000;\">1794-1802 \u2013 aresztowanie i wi\u0119zienie w Galicji przez Austriak\u00f3w<\/span><\/p>\n<p><span style=\"color: #000000;\">1803 \u2013 pobyt w Berehu pod Krzemie\u0144cem; praca z Tadeuszem Czackim nad tworzeniem Liceum Krzemienieckiego<\/span><\/p>\n<p><span style=\"color: #000000;\">1807-1808 \u2013 wi\u0119zienie w Moskwie<\/span><\/p>\n<p><span style=\"color: #000000;\">1808 \u2013 powr\u00f3t do kraju<\/span><\/p>\n<p><span style=\"color: #000000;\">28 .02.1812 \u2013 \u015bmier\u0107 w Warszawie<\/span><\/p>\n","protected":false},"excerpt":{"rendered":"<p>Hugo Ko\u0142\u0142\u0105taj \u017by\u0142 w latach 1750 \u2013 1812. By\u0142 jednym z naj\u015bwiatlejszych Polak\u00f3w w okresie o\u015bwiecenia. Mia\u0142 sw\u00f3j udzia\u0142 w tworzeniu Konstytucji 3 Maja. Interesowa\u0142o [&hellip;]<\/p>\n","protected":false},"author":2,"featured_media":117,"parent":0,"menu_order":0,"comment_status":"closed","ping_status":"closed","template":"elementor_theme","meta":{"ngg_post_thumbnail":0,"footnotes":""},"class_list":["post-116","page","type-page","status-publish","has-post-thumbnail","hentry"],"_links":{"self":[{"href":"https:\/\/www.sp11.gliwice.pl\/index.php?rest_route=\/wp\/v2\/pages\/116","targetHints":{"allow":["GET"]}}],"collection":[{"href":"https:\/\/www.sp11.gliwice.pl\/index.php?rest_route=\/wp\/v2\/pages"}],"about":[{"href":"https:\/\/www.sp11.gliwice.pl\/index.php?rest_route=\/wp\/v2\/types\/page"}],"author":[{"embeddable":true,"href":"https:\/\/www.sp11.gliwice.pl\/index.php?rest_route=\/wp\/v2\/users\/2"}],"replies":[{"embeddable":true,"href":"https:\/\/www.sp11.gliwice.pl\/index.php?rest_route=%2Fwp%2Fv2%2Fcomments&post=116"}],"version-history":[{"count":4,"href":"https:\/\/www.sp11.gliwice.pl\/index.php?rest_route=\/wp\/v2\/pages\/116\/revisions"}],"predecessor-version":[{"id":591,"href":"https:\/\/www.sp11.gliwice.pl\/index.php?rest_route=\/wp\/v2\/pages\/116\/revisions\/591"}],"wp:featuredmedia":[{"embeddable":true,"href":"https:\/\/www.sp11.gliwice.pl\/index.php?rest_route=\/wp\/v2\/media\/117"}],"wp:attachment":[{"href":"https:\/\/www.sp11.gliwice.pl\/index.php?rest_route=%2Fwp%2Fv2%2Fmedia&parent=116"}],"curies":[{"name":"wp","href":"https:\/\/api.w.org\/{rel}","templated":true}]}}